{"id":13154,"date":"2015-03-03T15:36:02","date_gmt":"2015-03-03T14:36:02","guid":{"rendered":"https:\/\/maquinser.com\/empresa\/oficinas-centrales\/"},"modified":"2024-09-12T17:35:55","modified_gmt":"2024-09-12T15:35:55","slug":"oficinas-centrales","status":"publish","type":"page","link":"https:\/\/maquinser.com\/pt-pt\/empresa\/oficinas-centrales\/","title":{"rendered":"Oficinas Centrales"},"content":{"rendered":"[vc_row margin_bottom=&#8221;20&#8243;][vc_column][vc_single_image image=&#8221;5072&#8243;][vc_column_text css=&#8221;.vc_custom_1432033441359{padding-top: 20px !important;}&#8221;]Camino de Can Ferran, 8 \u2013 Parcela 65 F \/ Pol\u00edgono Industrial Coll de la Manya \/ 08403 Granollers \u2013 BARCELONA \/ Tel: 93 846 62 28 \/ Fax: 93 846 61 04<br \/>\nCoor. GPS: 41.588381 N \/ 2.266784 E[\/vc_column_text][\/vc_column][\/vc_row][vc_row][vc_column width=&#8221;1\/3&#8243; margin_bottom=&#8221;0&#8243; padding_bottom=&#8221;0&#8243;][vc_gmaps link=&#8221;#E-8_JTNDaWZyYW1lJTIwc3JjJTNEJTIyaHR0cHMlM0ElMkYlMkZ3d3cuZ29vZ2xlLmNvbSUyRm1hcHMlMkZlbWJlZCUzRnBiJTNEJTIxMW0xOCUyMTFtMTIlMjExbTMlMjExZDI5ODQuMTI2NDU1MDU0MTMzJTIxMmQyLjI2Njc2ODAwMDAwMDAwNTIlMjEzZDQxLjU4ODE0NzAwMDAwMDAwNiUyMTJtMyUyMTFmMCUyMTJmMCUyMTNmMCUyMTNtMiUyMTFpMTAyNCUyMTJpNzY4JTIxNGYxMy4xJTIxM20zJTIxMW0yJTIxMXMweDEyYTRjNzg4MGVlYTQ4OGQlMjUzQTB4YTIyOTc0YTYwZjZhYjEyZSUyMTJzTWFxdWluc2VyJTJCUy5BLiUyMTVlMCUyMTNtMiUyMTFzY2ElMjEyc2VzJTIxNHYxNDI1ODk4MjEzMzU4JTIyJTIwd2lkdGglM0QlMjI5ODQlMjIlMjBoZWlnaHQlM0QlMjIzMDAlMjIlMjBmcmFtZWJvcmRlciUzRCUyMjAlMjIlMjBzdHlsZSUzRCUyMmJvcmRlciUzQTAlMjIlM0UlM0MlMkZpZnJhbWUlM0U=&#8221; size=&#8221;300&#8243;][\/vc_column][vc_column width=&#8221;2\/3&#8243;][vc_column_text]Localizada no cintur\u00e3o industrial de Barcelona, \u200b\u200ba 25 km da cidade, a sede da MAQUINSER est\u00e1 perfeitamente conectada, pr\u00f3xima \u00e0 rodovia AP-7, ao cintur\u00e3o do Mediterr\u00e2neo e \u00e0 rodovia regional C-17, que liga o norte da Catalunha com Barcelona. Em 2008, a MAQUINSER mudou-se para as actuais instala\u00e7\u00f5es, constru\u00eddas expressamente para responder \u00e0s necessidades de uma empresa em expans\u00e3o.<\/p>\n<p>Num lote de 1.800 m2 tem uma \u00e1rea \u00fatil de 1.500 m2. Estas instala\u00e7\u00f5es disp\u00f5em de um &#8216;Show Room&#8217; permanente, \u00e1rea de montagem de engenharia e armaz\u00e9m de pe\u00e7as de reposi\u00e7\u00e3o, bem como os departamentos de Gest\u00e3o, Contabilidade, Finan\u00e7as, Pe\u00e7as de Reposi\u00e7\u00e3o e Acess\u00f3rios, Log\u00edstica, 4 salas de reuni\u00f5es e 1 sala de treinamento. Tudo isso em instala\u00e7\u00f5es modernas e equipadas com os mais recentes avan\u00e7os tecnol\u00f3gicos para uma opera\u00e7\u00e3o eficiente.[\/vc_column_text][\/vc_column][\/vc_row][vc_row][vc_column][vc_empty_space][\/vc_column][\/vc_row][vc_row][vc_column][vc_text_separator title=&#8221;Equipo&#8221; style=&#8221;six&#8221; element_type=&#8221;div&#8221; font_weight=&#8221;100&#8243;][\/vc_column][\/vc_row][vc_row][vc_column][vc_empty_space][\/vc_column][\/vc_row][vc_row][vc_column]<div class=\"vcex-module vcex-staff-grid-wrap clr\"><div class=\"wpex-row vcex-staff-grid entries wpex-clr\"><div class=\"staff-entry vcex-grid-item span_1_of_4 col col-1 post-12199 entry type-staff has-media cat-3257 translation_priority-1498\"><div class=\"staff-entry-inner entry-inner wpex-first-mt-0 wpex-last-mb-0 wpex-clr\"><div class=\"staff-entry-media entry-media image-filter-grayscale wpex-mb-20\"><a href=\"https:\/\/maquinser.com\/wp-content\/uploads\/2023\/06\/Antoniopostigo_P.jpg\" title=\"Antonio Postigo\" class=\"staff-entry-media-link wpex-lightbox\" data-show_title=\"false\"><img decoding=\"async\" loading=\"lazy\" class=\"staff-entry-media-img staff-entry-img wpex-align-middle wpex-align-middle\" src=\"https:\/\/maquinser.com\/wp-content\/uploads\/2023\/06\/Antoniopostigo_P.jpg\" alt=\"\" width=\"230\" height=\"230\" \/><\/a><\/div><div class=\"staff-entry-details entry-details wpex-first-mt-0 wpex-last-mb-0 wpex-clr\"><h2 class=\"staff-entry-title entry-title wpex-mb-5\">Antonio Postigo<\/h2><div class=\"staff-entry-excerpt entry-excerpt wpex-my-15 wpex-last-mb-0 wpex-clr\"><p><strong>Presidente<\/strong><\/p>\n<\/div><\/div><\/div><\/div><div class=\"staff-entry vcex-grid-item span_1_of_4 col col-2 post-12200 entry type-staff has-media cat-3257 translation_priority-1498\"><div class=\"staff-entry-inner entry-inner wpex-first-mt-0 wpex-last-mb-0 wpex-clr\"><div class=\"staff-entry-media entry-media image-filter-grayscale wpex-mb-20\"><a href=\"https:\/\/maquinser.com\/wp-content\/uploads\/2023\/06\/ChristianPostigo_P.jpg\" title=\"Christian Postigo\" class=\"staff-entry-media-link wpex-lightbox\" data-show_title=\"false\"><img decoding=\"async\" loading=\"lazy\" class=\"staff-entry-media-img staff-entry-img wpex-align-middle wpex-align-middle\" src=\"https:\/\/maquinser.com\/wp-content\/uploads\/2023\/06\/ChristianPostigo_P.jpg\" alt=\"\" width=\"230\" height=\"230\" \/><\/a><\/div><div class=\"staff-entry-details entry-details wpex-first-mt-0 wpex-last-mb-0 wpex-clr\"><h2 class=\"staff-entry-title entry-title wpex-mb-5\">Christian Postigo<\/h2><div class=\"staff-entry-excerpt entry-excerpt wpex-my-15 wpex-last-mb-0 wpex-clr\"><p><strong>CEO<\/strong><\/p>\n<\/div><\/div><\/div><\/div><div class=\"staff-entry vcex-grid-item span_1_of_4 col col-3 post-12201 entry type-staff has-media cat-3257 translation_priority-1498\"><div class=\"staff-entry-inner entry-inner wpex-first-mt-0 wpex-last-mb-0 wpex-clr\"><div class=\"staff-entry-media entry-media image-filter-grayscale wpex-mb-20\"><a href=\"https:\/\/maquinser.com\/wp-content\/uploads\/2015\/03\/AntonioGarcia_P.jpg\" title=\"Antonio Garc\u00eda\" class=\"staff-entry-media-link wpex-lightbox\" data-show_title=\"false\"><img decoding=\"async\" loading=\"lazy\" class=\"staff-entry-media-img staff-entry-img wpex-align-middle wpex-align-middle\" src=\"https:\/\/maquinser.com\/wp-content\/uploads\/2015\/03\/AntonioGarcia_P.jpg\" alt=\"\" width=\"230\" height=\"230\" \/><\/a><\/div><div class=\"staff-entry-details entry-details wpex-first-mt-0 wpex-last-mb-0 wpex-clr\"><h2 class=\"staff-entry-title entry-title wpex-mb-5\">Antonio Garc\u00eda<\/h2><div class=\"staff-entry-excerpt entry-excerpt wpex-my-15 wpex-last-mb-0 wpex-clr\"><p><strong>Director Gerente<\/strong><\/p>\n<p><i class=\"fa  fa-envelope\"><\/i> <a href=\"mailto:finances@maquinser.com\"><strong>finances@maquinser.com<\/strong><\/a><\/p>\n<\/div><\/div><\/div><\/div><div class=\"staff-entry vcex-grid-item span_1_of_4 col col-4 post-12202 entry type-staff has-media cat-3257 translation_priority-1498\"><div class=\"staff-entry-inner entry-inner wpex-first-mt-0 wpex-last-mb-0 wpex-clr\"><div class=\"staff-entry-media entry-media image-filter-grayscale wpex-mb-20\"><a href=\"https:\/\/maquinser.com\/wp-content\/uploads\/2015\/03\/FrankRodriguez_P.jpg\" title=\"Frank Rodriguez\" class=\"staff-entry-media-link wpex-lightbox\" data-show_title=\"false\"><img decoding=\"async\" loading=\"lazy\" class=\"staff-entry-media-img staff-entry-img wpex-align-middle wpex-align-middle\" src=\"https:\/\/maquinser.com\/wp-content\/uploads\/2015\/03\/FrankRodriguez_P.jpg\" alt=\"\" width=\"230\" height=\"230\" \/><\/a><\/div><div class=\"staff-entry-details entry-details wpex-first-mt-0 wpex-last-mb-0 wpex-clr\"><h2 class=\"staff-entry-title entry-title wpex-mb-5\">Frank Rodriguez<\/h2><div class=\"staff-entry-excerpt entry-excerpt wpex-my-15 wpex-last-mb-0 wpex-clr\"><p><strong>Director de Compras y Log\u00edstica<\/strong><\/p>\n<p><i class=\"fa  fa-envelope\"><\/i> <a href=\"mailto:maquinser@maquinser.com\"><strong>maquinser@maquinser.com<\/strong><\/a><\/p>\n<\/div><\/div><\/div><\/div><div class=\"staff-entry vcex-grid-item span_1_of_4 col col-1 post-12203 entry type-staff has-media cat-3257 translation_priority-1498\"><div class=\"staff-entry-inner entry-inner wpex-first-mt-0 wpex-last-mb-0 wpex-clr\"><div class=\"staff-entry-media entry-media image-filter-grayscale wpex-mb-20\"><a href=\"https:\/\/maquinser.com\/wp-content\/uploads\/2023\/05\/Oscar-Villanueva_web.jpg\" title=\"Oscar Villanueva Domingo\" class=\"staff-entry-media-link wpex-lightbox\" data-show_title=\"false\"><img decoding=\"async\" loading=\"lazy\" class=\"staff-entry-media-img staff-entry-img wpex-align-middle wpex-align-middle\" src=\"https:\/\/maquinser.com\/wp-content\/uploads\/2023\/05\/Oscar-Villanueva_web.jpg\" alt=\"\" width=\"230\" height=\"230\" \/><\/a><\/div><div class=\"staff-entry-details entry-details wpex-first-mt-0 wpex-last-mb-0 wpex-clr\"><h2 class=\"staff-entry-title entry-title wpex-mb-5\">Oscar Villanueva Domingo<\/h2><div class=\"staff-entry-excerpt entry-excerpt wpex-my-15 wpex-last-mb-0 wpex-clr\"><p><strong>Board Product Manager Divisi\u00f3n M\u00e1quina Herramienta<\/strong><\/p>\n<p><i class=\"fa fa-envelope\"><\/i> <a href=\"mailto:ovillanueva@maquinser.com\"><strong>ovillanueva@maquinser.com<\/strong><\/a><\/p>\n<\/div><\/div><\/div><\/div><div class=\"staff-entry vcex-grid-item span_1_of_4 col col-2 post-12204 entry type-staff has-media cat-3257 translation_priority-1498\"><div class=\"staff-entry-inner entry-inner wpex-first-mt-0 wpex-last-mb-0 wpex-clr\"><div class=\"staff-entry-media entry-media image-filter-grayscale wpex-mb-20\"><a href=\"https:\/\/maquinser.com\/wp-content\/uploads\/2023\/06\/Antonbravo_P.jpg\" title=\"Anton Bravo\" class=\"staff-entry-media-link wpex-lightbox\" data-show_title=\"false\"><img decoding=\"async\" loading=\"lazy\" class=\"staff-entry-media-img staff-entry-img wpex-align-middle wpex-align-middle\" src=\"https:\/\/maquinser.com\/wp-content\/uploads\/2023\/06\/Antonbravo_P.jpg\" alt=\"\" width=\"230\" height=\"230\" \/><\/a><\/div><div class=\"staff-entry-details entry-details wpex-first-mt-0 wpex-last-mb-0 wpex-clr\"><h2 class=\"staff-entry-title entry-title wpex-mb-5\">Anton Bravo<\/h2><div class=\"staff-entry-excerpt entry-excerpt wpex-my-15 wpex-last-mb-0 wpex-clr\"><p><strong>Product Manager Divisi\u00f3n Fabricaci\u00f3n Aditiva<\/strong><\/p>\n<p><i class=\"fa fa-envelope\"><\/i> <a href=\"mailto:abravo@maquinser.com\"><strong>abravo@maquinser.com<\/strong><\/a><\/p>\n<\/div><\/div><\/div><\/div><div class=\"staff-entry vcex-grid-item span_1_of_4 col col-3 post-12205 entry type-staff has-media cat-3257 translation_priority-1498\"><div class=\"staff-entry-inner entry-inner wpex-first-mt-0 wpex-last-mb-0 wpex-clr\"><div class=\"staff-entry-media entry-media image-filter-grayscale wpex-mb-20\"><a href=\"https:\/\/maquinser.com\/wp-content\/uploads\/2023\/06\/GregorMoreno_P.jpg\" title=\"Gregor Moreno\" class=\"staff-entry-media-link wpex-lightbox\" data-show_title=\"false\"><img decoding=\"async\" loading=\"lazy\" class=\"staff-entry-media-img staff-entry-img wpex-align-middle wpex-align-middle\" src=\"https:\/\/maquinser.com\/wp-content\/uploads\/2023\/06\/GregorMoreno_P.jpg\" alt=\"\" width=\"230\" height=\"230\" \/><\/a><\/div><div class=\"staff-entry-details entry-details wpex-first-mt-0 wpex-last-mb-0 wpex-clr\"><h2 class=\"staff-entry-title entry-title wpex-mb-5\">Gregor Moreno<\/h2><div class=\"staff-entry-excerpt entry-excerpt wpex-my-15 wpex-last-mb-0 wpex-clr\"><p><strong>Product Manager Divisi\u00f3n Cabezal M\u00f3vil<\/strong><\/p>\n<p><i class=\"fa fa-envelope\"><\/i> <a href=\"mailto:gmoreno@maquinser.com\"><strong>gmoreno@maquinser.com<\/strong><\/a><\/p>\n<\/div><\/div><\/div><\/div><div class=\"staff-entry vcex-grid-item span_1_of_4 col col-4 post-12216 entry type-staff has-media cat-3257 translation_priority-1498\"><div class=\"staff-entry-inner entry-inner wpex-first-mt-0 wpex-last-mb-0 wpex-clr\"><div class=\"staff-entry-media entry-media image-filter-grayscale wpex-mb-20\"><a href=\"https:\/\/maquinser.com\/wp-content\/uploads\/2015\/03\/SusanaNieto_P.jpg\" title=\"Susanna Nieto\" class=\"staff-entry-media-link wpex-lightbox\" data-show_title=\"false\"><img decoding=\"async\" loading=\"lazy\" class=\"staff-entry-media-img staff-entry-img wpex-align-middle wpex-align-middle\" src=\"https:\/\/maquinser.com\/wp-content\/uploads\/2015\/03\/SusanaNieto_P.jpg\" alt=\"\" width=\"230\" height=\"230\" \/><\/a><\/div><div class=\"staff-entry-details entry-details wpex-first-mt-0 wpex-last-mb-0 wpex-clr\"><h2 class=\"staff-entry-title entry-title wpex-mb-5\">Susanna Nieto<\/h2><div class=\"staff-entry-excerpt entry-excerpt wpex-my-15 wpex-last-mb-0 wpex-clr\"><p><strong>Recambios y Accesorios Manager\/ At. Cliente<\/strong><\/p>\n<p><i class=\"fa fa-envelope\"><\/i> <a href=\"mailto:recambios2@maquinser.com\"><strong>recambios2@maquinser.com<\/strong><\/a><\/p>\n<\/div><\/div><\/div><\/div><\/div><\/div>[\/vc_column][\/vc_row]\n","protected":false},"excerpt":{"rendered":"<p>[vc_row margin_bottom=&#8221;20&#8243;][vc_column][vc_single_image image=&#8221;5072&#8243;][vc_column_text css=&#8221;.vc_custom_1432033441359{padding-top: 20px !important;}&#8221;]Camino de Can Ferran, 8 \u2013 Parcela 65 F \/ Pol\u00edgono Industrial Coll de la Manya \/ 08403 Granollers \u2013 BARCELONA \/ Tel: 93 846 62 28 \/ Fax: 93 846 61 04 Coor. GPS: 41.588381 N \/ 2.266784 E[\/vc_column_text][\/vc_column][\/vc_row][vc_row][vc_column width=&#8221;1\/3&#8243; margin_bottom=&#8221;0&#8243; padding_bottom=&#8221;0&#8243;][vc_gmaps link=&#8221;#E-8_JTNDaWZyYW1lJTIwc3JjJTNEJTIyaHR0cHMlM0ElMkYlMkZ3d3cuZ29vZ2xlLmNvbSUyRm1hcHMlMkZlbWJlZCUzRnBiJTNEJTIxMW0xOCUyMTFtMTIlMjExbTMlMjExZDI5ODQuMTI2NDU1MDU0MTMzJTIxMmQyLjI2Njc2ODAwMDAwMDAwNTIlMjEzZDQxLjU4ODE0NzAwMDAwMDAwNiUyMTJtMyUyMTFmMCUyMTJmMCUyMTNmMCUyMTNtMiUyMTFpMTAyNCUyMTJpNzY4JTIxNGYxMy4xJTIxM20zJTIxMW0yJTIxMXMweDEyYTRjNzg4MGVlYTQ4OGQlMjUzQTB4YTIyOTc0YTYwZjZhYjEyZSUyMTJzTWFxdWluc2VyJTJCUy5BLiUyMTVlMCUyMTNtMiUyMTFzY2ElMjEyc2VzJTIxNHYxNDI1ODk4MjEzMzU4JTIyJTIwd2lkdGglM0QlMjI5ODQlMjIlMjBoZWlnaHQlM0QlMjIzMDAlMjIlMjBmcmFtZWJvcmRlciUzRCUyMjAlMjIlMjBzdHlsZSUzRCUyMmJvcmRlciUzQTAlMjIlM0UlM0MlMkZpZnJhbWUlM0U=&#8221; size=&#8221;300&#8243;][\/vc_column][vc_column width=&#8221;2\/3&#8243;][vc_column_text]Localizada no cintur\u00e3o industrial de&hellip;<\/p>\n","protected":false},"author":1,"featured_media":0,"parent":11165,"menu_order":0,"comment_status":"closed","ping_status":"closed","template":"","meta":{"footnotes":""},"class_list":["post-13154","page","type-page","status-publish","hentry","entry","has-media"],"yoast_head":"<!-- This site is optimized with the Yoast SEO plugin v27.5 - https:\/\/yoast.com\/product\/yoast-seo-wordpress\/ -->\n<title>Oficinas Centrales - Maquinser - Maquinaria y Servicios para la Industria Metalmec\u00e1nica<\/title>\n<meta name=\"robots\" content=\"index, follow, max-snippet:-1, max-image-preview:large, max-video-preview:-1\" \/>\n<link rel=\"canonical\" href=\"https:\/\/maquinser.com\/pt-pt\/empresa\/oficinas-centrales\/\" \/>\n<meta property=\"og:locale\" content=\"pt_PT\" \/>\n<meta property=\"og:type\" content=\"article\" \/>\n<meta property=\"og:title\" content=\"Oficinas Centrales - Maquinser - Maquinaria y Servicios para la Industria Metalmec\u00e1nica\" \/>\n<meta property=\"og:description\" content=\"[vc_row margin_bottom=&#8221;20&#8243;][vc_column][vc_single_image image=&#8221;5072&#8243;][vc_column_text css=&#8221;.vc_custom_1432033441359{padding-top: 20px !important;}&#8221;]Camino de Can Ferran, 8 \u2013 Parcela 65 F \/ Pol\u00edgono Industrial Coll de la Manya \/ 08403 Granollers \u2013 BARCELONA \/ Tel: 93 846 62 28 \/ Fax: 93 846 61 04 Coor. GPS: 41.588381 N \/ 2.266784 E[\/vc_column_text][\/vc_column][\/vc_row][vc_row][vc_column width=&#8221;1\/3&#8243; margin_bottom=&#8221;0&#8243; padding_bottom=&#8221;0&#8243;][vc_gmaps link=&#8221;#E-8_JTNDaWZyYW1lJTIwc3JjJTNEJTIyaHR0cHMlM0ElMkYlMkZ3d3cuZ29vZ2xlLmNvbSUyRm1hcHMlMkZlbWJlZCUzRnBiJTNEJTIxMW0xOCUyMTFtMTIlMjExbTMlMjExZDI5ODQuMTI2NDU1MDU0MTMzJTIxMmQyLjI2Njc2ODAwMDAwMDAwNTIlMjEzZDQxLjU4ODE0NzAwMDAwMDAwNiUyMTJtMyUyMTFmMCUyMTJmMCUyMTNmMCUyMTNtMiUyMTFpMTAyNCUyMTJpNzY4JTIxNGYxMy4xJTIxM20zJTIxMW0yJTIxMXMweDEyYTRjNzg4MGVlYTQ4OGQlMjUzQTB4YTIyOTc0YTYwZjZhYjEyZSUyMTJzTWFxdWluc2VyJTJCUy5BLiUyMTVlMCUyMTNtMiUyMTFzY2ElMjEyc2VzJTIxNHYxNDI1ODk4MjEzMzU4JTIyJTIwd2lkdGglM0QlMjI5ODQlMjIlMjBoZWlnaHQlM0QlMjIzMDAlMjIlMjBmcmFtZWJvcmRlciUzRCUyMjAlMjIlMjBzdHlsZSUzRCUyMmJvcmRlciUzQTAlMjIlM0UlM0MlMkZpZnJhbWUlM0U=&#8221; size=&#8221;300&#8243;][\/vc_column][vc_column width=&#8221;2\/3&#8243;][vc_column_text]Localizada no cintur\u00e3o industrial de&hellip;\" \/>\n<meta property=\"og:url\" content=\"https:\/\/maquinser.com\/pt-pt\/empresa\/oficinas-centrales\/\" \/>\n<meta property=\"og:site_name\" content=\"Maquinser - Maquinaria y Servicios para la Industria Metalmec\u00e1nica\" \/>\n<meta property=\"article:publisher\" content=\"http:\/\/fb.me\/Maquinser\" \/>\n<meta property=\"article:modified_time\" content=\"2024-09-12T15:35:55+00:00\" \/>\n<meta name=\"twitter:card\" content=\"summary_large_image\" \/>\n<meta name=\"twitter:site\" content=\"@Maquinser\" \/>\n<meta name=\"twitter:label1\" content=\"Tempo estimado de leitura\" \/>\n\t<meta name=\"twitter:data1\" content=\"2 minutos\" \/>\n<script type=\"application\/ld+json\" class=\"yoast-schema-graph\">{\"@context\":\"https:\\\/\\\/schema.org\",\"@graph\":[{\"@type\":\"WebPage\",\"@id\":\"https:\\\/\\\/maquinser.com\\\/pt-pt\\\/empresa\\\/oficinas-centrales\\\/\",\"url\":\"https:\\\/\\\/maquinser.com\\\/pt-pt\\\/empresa\\\/oficinas-centrales\\\/\",\"name\":\"Oficinas Centrales - Maquinser - Maquinaria y Servicios para la Industria Metalmec\u00e1nica\",\"isPartOf\":{\"@id\":\"https:\\\/\\\/maquinser.com\\\/pt-pt\\\/#website\"},\"datePublished\":\"2015-03-03T14:36:02+00:00\",\"dateModified\":\"2024-09-12T15:35:55+00:00\",\"breadcrumb\":{\"@id\":\"https:\\\/\\\/maquinser.com\\\/pt-pt\\\/empresa\\\/oficinas-centrales\\\/#breadcrumb\"},\"inLanguage\":\"pt-PT\",\"potentialAction\":[{\"@type\":\"ReadAction\",\"target\":[\"https:\\\/\\\/maquinser.com\\\/pt-pt\\\/empresa\\\/oficinas-centrales\\\/\"]}]},{\"@type\":\"BreadcrumbList\",\"@id\":\"https:\\\/\\\/maquinser.com\\\/pt-pt\\\/empresa\\\/oficinas-centrales\\\/#breadcrumb\",\"itemListElement\":[{\"@type\":\"ListItem\",\"position\":1,\"name\":\"Portada\",\"item\":\"https:\\\/\\\/maquinser.com\\\/pt-pt\\\/\"},{\"@type\":\"ListItem\",\"position\":2,\"name\":\"Empresa\",\"item\":\"https:\\\/\\\/maquinser.com\\\/pt-pt\\\/empresa\\\/\"},{\"@type\":\"ListItem\",\"position\":3,\"name\":\"Oficinas Centrales\"}]},{\"@type\":\"WebSite\",\"@id\":\"https:\\\/\\\/maquinser.com\\\/pt-pt\\\/#website\",\"url\":\"https:\\\/\\\/maquinser.com\\\/pt-pt\\\/\",\"name\":\"Maquinser - Maquinaria y Servicios para la Industria Metalmec\u00e1nica\",\"description\":\"\",\"publisher\":{\"@id\":\"https:\\\/\\\/maquinser.com\\\/pt-pt\\\/#organization\"},\"potentialAction\":[{\"@type\":\"SearchAction\",\"target\":{\"@type\":\"EntryPoint\",\"urlTemplate\":\"https:\\\/\\\/maquinser.com\\\/pt-pt\\\/?s={search_term_string}\"},\"query-input\":{\"@type\":\"PropertyValueSpecification\",\"valueRequired\":true,\"valueName\":\"search_term_string\"}}],\"inLanguage\":\"pt-PT\"},{\"@type\":\"Organization\",\"@id\":\"https:\\\/\\\/maquinser.com\\\/pt-pt\\\/#organization\",\"name\":\"Maquinser\",\"url\":\"https:\\\/\\\/maquinser.com\\\/pt-pt\\\/\",\"logo\":{\"@type\":\"ImageObject\",\"inLanguage\":\"pt-PT\",\"@id\":\"https:\\\/\\\/maquinser.com\\\/pt-pt\\\/#\\\/schema\\\/logo\\\/image\\\/\",\"url\":\"http:\\\/\\\/maquinser.com\\\/wp-content\\\/uploads\\\/2016\\\/10\\\/MAQUINSER_Logo_oficial.jpg\",\"contentUrl\":\"http:\\\/\\\/maquinser.com\\\/wp-content\\\/uploads\\\/2016\\\/10\\\/MAQUINSER_Logo_oficial.jpg\",\"width\":1411,\"height\":326,\"caption\":\"Maquinser\"},\"image\":{\"@id\":\"https:\\\/\\\/maquinser.com\\\/pt-pt\\\/#\\\/schema\\\/logo\\\/image\\\/\"},\"sameAs\":[\"http:\\\/\\\/fb.me\\\/Maquinser\",\"https:\\\/\\\/x.com\\\/Maquinser\",\"http:\\\/\\\/maquinser20s.a.\"]}]}<\/script>\n<!-- \/ Yoast SEO plugin. -->","yoast_head_json":{"title":"Oficinas Centrales - Maquinser - Maquinaria y Servicios para la Industria Metalmec\u00e1nica","robots":{"index":"index","follow":"follow","max-snippet":"max-snippet:-1","max-image-preview":"max-image-preview:large","max-video-preview":"max-video-preview:-1"},"canonical":"https:\/\/maquinser.com\/pt-pt\/empresa\/oficinas-centrales\/","og_locale":"pt_PT","og_type":"article","og_title":"Oficinas Centrales - Maquinser - Maquinaria y Servicios para la Industria Metalmec\u00e1nica","og_description":"[vc_row margin_bottom=&#8221;20&#8243;][vc_column][vc_single_image image=&#8221;5072&#8243;][vc_column_text css=&#8221;.vc_custom_1432033441359{padding-top: 20px !important;}&#8221;]Camino de Can Ferran, 8 \u2013 Parcela 65 F \/ Pol\u00edgono Industrial Coll de la Manya \/ 08403 Granollers \u2013 BARCELONA \/ Tel: 93 846 62 28 \/ Fax: 93 846 61 04 Coor. GPS: 41.588381 N \/ 2.266784 E[\/vc_column_text][\/vc_column][\/vc_row][vc_row][vc_column width=&#8221;1\/3&#8243; margin_bottom=&#8221;0&#8243; padding_bottom=&#8221;0&#8243;][vc_gmaps link=&#8221;#E-8_JTNDaWZyYW1lJTIwc3JjJTNEJTIyaHR0cHMlM0ElMkYlMkZ3d3cuZ29vZ2xlLmNvbSUyRm1hcHMlMkZlbWJlZCUzRnBiJTNEJTIxMW0xOCUyMTFtMTIlMjExbTMlMjExZDI5ODQuMTI2NDU1MDU0MTMzJTIxMmQyLjI2Njc2ODAwMDAwMDAwNTIlMjEzZDQxLjU4ODE0NzAwMDAwMDAwNiUyMTJtMyUyMTFmMCUyMTJmMCUyMTNmMCUyMTNtMiUyMTFpMTAyNCUyMTJpNzY4JTIxNGYxMy4xJTIxM20zJTIxMW0yJTIxMXMweDEyYTRjNzg4MGVlYTQ4OGQlMjUzQTB4YTIyOTc0YTYwZjZhYjEyZSUyMTJzTWFxdWluc2VyJTJCUy5BLiUyMTVlMCUyMTNtMiUyMTFzY2ElMjEyc2VzJTIxNHYxNDI1ODk4MjEzMzU4JTIyJTIwd2lkdGglM0QlMjI5ODQlMjIlMjBoZWlnaHQlM0QlMjIzMDAlMjIlMjBmcmFtZWJvcmRlciUzRCUyMjAlMjIlMjBzdHlsZSUzRCUyMmJvcmRlciUzQTAlMjIlM0UlM0MlMkZpZnJhbWUlM0U=&#8221; size=&#8221;300&#8243;][\/vc_column][vc_column width=&#8221;2\/3&#8243;][vc_column_text]Localizada no cintur\u00e3o industrial de&hellip;","og_url":"https:\/\/maquinser.com\/pt-pt\/empresa\/oficinas-centrales\/","og_site_name":"Maquinser - Maquinaria y Servicios para la Industria Metalmec\u00e1nica","article_publisher":"http:\/\/fb.me\/Maquinser","article_modified_time":"2024-09-12T15:35:55+00:00","twitter_card":"summary_large_image","twitter_site":"@Maquinser","twitter_misc":{"Tempo estimado de leitura":"2 minutos"},"schema":{"@context":"https:\/\/schema.org","@graph":[{"@type":"WebPage","@id":"https:\/\/maquinser.com\/pt-pt\/empresa\/oficinas-centrales\/","url":"https:\/\/maquinser.com\/pt-pt\/empresa\/oficinas-centrales\/","name":"Oficinas Centrales - Maquinser - Maquinaria y Servicios para la Industria Metalmec\u00e1nica","isPartOf":{"@id":"https:\/\/maquinser.com\/pt-pt\/#website"},"datePublished":"2015-03-03T14:36:02+00:00","dateModified":"2024-09-12T15:35:55+00:00","breadcrumb":{"@id":"https:\/\/maquinser.com\/pt-pt\/empresa\/oficinas-centrales\/#breadcrumb"},"inLanguage":"pt-PT","potentialAction":[{"@type":"ReadAction","target":["https:\/\/maquinser.com\/pt-pt\/empresa\/oficinas-centrales\/"]}]},{"@type":"BreadcrumbList","@id":"https:\/\/maquinser.com\/pt-pt\/empresa\/oficinas-centrales\/#breadcrumb","itemListElement":[{"@type":"ListItem","position":1,"name":"Portada","item":"https:\/\/maquinser.com\/pt-pt\/"},{"@type":"ListItem","position":2,"name":"Empresa","item":"https:\/\/maquinser.com\/pt-pt\/empresa\/"},{"@type":"ListItem","position":3,"name":"Oficinas Centrales"}]},{"@type":"WebSite","@id":"https:\/\/maquinser.com\/pt-pt\/#website","url":"https:\/\/maquinser.com\/pt-pt\/","name":"Maquinser - Maquinaria y Servicios para la Industria Metalmec\u00e1nica","description":"","publisher":{"@id":"https:\/\/maquinser.com\/pt-pt\/#organization"},"potentialAction":[{"@type":"SearchAction","target":{"@type":"EntryPoint","urlTemplate":"https:\/\/maquinser.com\/pt-pt\/?s={search_term_string}"},"query-input":{"@type":"PropertyValueSpecification","valueRequired":true,"valueName":"search_term_string"}}],"inLanguage":"pt-PT"},{"@type":"Organization","@id":"https:\/\/maquinser.com\/pt-pt\/#organization","name":"Maquinser","url":"https:\/\/maquinser.com\/pt-pt\/","logo":{"@type":"ImageObject","inLanguage":"pt-PT","@id":"https:\/\/maquinser.com\/pt-pt\/#\/schema\/logo\/image\/","url":"http:\/\/maquinser.com\/wp-content\/uploads\/2016\/10\/MAQUINSER_Logo_oficial.jpg","contentUrl":"http:\/\/maquinser.com\/wp-content\/uploads\/2016\/10\/MAQUINSER_Logo_oficial.jpg","width":1411,"height":326,"caption":"Maquinser"},"image":{"@id":"https:\/\/maquinser.com\/pt-pt\/#\/schema\/logo\/image\/"},"sameAs":["http:\/\/fb.me\/Maquinser","https:\/\/x.com\/Maquinser","http:\/\/maquinser20s.a."]}]}},"_links":{"self":[{"href":"https:\/\/maquinser.com\/pt-pt\/wp-json\/wp\/v2\/pages\/13154","targetHints":{"allow":["GET"]}}],"collection":[{"href":"https:\/\/maquinser.com\/pt-pt\/wp-json\/wp\/v2\/pages"}],"about":[{"href":"https:\/\/maquinser.com\/pt-pt\/wp-json\/wp\/v2\/types\/page"}],"author":[{"embeddable":true,"href":"https:\/\/maquinser.com\/pt-pt\/wp-json\/wp\/v2\/users\/1"}],"replies":[{"embeddable":true,"href":"https:\/\/maquinser.com\/pt-pt\/wp-json\/wp\/v2\/comments?post=13154"}],"version-history":[{"count":2,"href":"https:\/\/maquinser.com\/pt-pt\/wp-json\/wp\/v2\/pages\/13154\/revisions"}],"predecessor-version":[{"id":13156,"href":"https:\/\/maquinser.com\/pt-pt\/wp-json\/wp\/v2\/pages\/13154\/revisions\/13156"}],"up":[{"embeddable":true,"href":"https:\/\/maquinser.com\/pt-pt\/wp-json\/wp\/v2\/pages\/11165"}],"wp:attachment":[{"href":"https:\/\/maquinser.com\/pt-pt\/wp-json\/wp\/v2\/media?parent=13154"}],"curies":[{"name":"wp","href":"https:\/\/api.w.org\/{rel}","templated":true}]}}